{"id":23015,"date":"2026-02-10T14:39:45","date_gmt":"2026-02-10T14:39:45","guid":{"rendered":"https:\/\/roza-sobieszek.pl\/sklep\/?post_type=product&#038;p=23015"},"modified":"2026-04-30T08:41:13","modified_gmt":"2026-04-30T08:41:13","slug":"roza-rabatowe-isarperle-kopia","status":"publish","type":"product","link":"https:\/\/roza-sobieszek.pl\/sklep\/produkt\/roza-rabatowe-isarperle-kopia\/","title":{"rendered":"R\u00f3\u017ca Rabatowe Isarperle\u00ae"},"content":{"rendered":"<h2>R\u00f3\u017ca Isarperie\u00ae<\/h2>\n<p data-start=\"138\" data-end=\"502\"><strong data-start=\"138\" data-end=\"152\">Isarperle\u00ae<\/strong> to wyj\u0105tkowo dekoracyjna r\u00f3\u017ca floribunda, ceniona za obfite kwitnienie i przyjemny zapach. Jej kwiaty zachwycaj\u0105 zmienn\u0105 kolorystyk\u0105 \u2014 w zale\u017cno\u015bci od nas\u0142onecznienia i stadium rozwoju przybieraj\u0105 odcienie \u0142ososiowe, jasnor\u00f3\u017cowe oraz kremowe. \u015aredniozielone, b\u0142yszcz\u0105ce li\u015bcie stanowi\u0105 eleganckie t\u0142o dla kwiat\u00f3w i podkre\u015blaj\u0105 zdrowy wygl\u0105d ro\u015bliny.<\/p>\n<p data-start=\"504\" data-end=\"741\">Odmiana doskonale sprawdzi si\u0119 na rabatach r\u00f3\u017canych, w nasadzeniach mieszanych z bylinami oraz w mniejszych ogrodach. Kwiaty nadaj\u0105 si\u0119 do ci\u0119cia, dzi\u0119ki czemu Isarperle\u00ae jest r\u00f3wnie\u017c atrakcyjnym wyborem na bukiety i dekoracje do wn\u0119trz.<\/p>\n<h2><span style=\"border-radius: 2px; text-indent: 20px; width: auto; padding: 0px 4px 0px 0px; text-align: center; font: bold 11px\/20px 'Helvetica Neue',Helvetica,sans-serif; color: #ffffff; background: #bd081c no-repeat scroll 3px 50% \/ 14px 14px; position: absolute; opacity: 1; z-index: 8675309; display: none; cursor: pointer;\">Zapisz<\/span><\/h2>\n","protected":false},"excerpt":{"rendered":"<ul>\n<li>Nazwa: Isarperle\u00ae<\/li>\n<li>Kolor: kremowo ,\u0142ososiowy do jasnor\u00f3\u017cowego<\/li>\n<li>Wzrost: 70-80 cm<\/li>\n<li>Wielko\u015b\u0107 kwiatu: ok 6 cm<\/li>\n<li>Zapach: intensywny, kwiatowo-owocowy<\/li>\n<li>Odporno\u015b\u0107 na choroby:dobra<\/li>\n<li>Stanowisko: s\u0142oneczne<\/li>\n<li>Okres kwitnienia: VI \u2013 X<\/li>\n<li>Powtarza kwitnienie: tak<\/li>\n<li>Typ: r\u00f3\u017ca rabatowa<\/li>\n<li>Mrozoodporno\u015b\u0107: bardzo dobra<\/li>\n<\/ul>\n","protected":false},"featured_media":23019,"comment_status":"open","ping_status":"closed","template":"","meta":[],"product_brand":[281],"product_cat":[290,229,199,155],"product_tag":[232,207,231,228,206],"yoast_head":"<!-- This site is optimized with the Yoast SEO plugin v23.5 - https:\/\/yoast.com\/wordpress\/plugins\/seo\/ -->\n<title>R\u00f3\u017ca Rabatowe Isarperle\u00ae - R\u00f3\u017ce ogrodowe - Sklep Sobieszek producent<\/title>\n<meta name=\"description\" content=\"Isarperle\u00ae wyr\u00f3\u017cnia si\u0119 zdrowym wzrostem oraz dekoracyjnymi, \u015bredniozielonymi i b\u0142yszcz\u0105cymi li\u015b\u0107mi, kt\u00f3re stanowi\u0105 doskona\u0142e t\u0142o dla kwiat\u00f3w. Odmiana ta doskonale sprawdza si\u0119 zar\u00f3wno na du\u017cych rabatach r\u00f3\u017canych, jak i w mniejszych ogrodach.\" \/>\n<meta name=\"robots\" content=\"index, follow, max-snippet:-1, max-image-preview:large, max-video-preview:-1\" \/>\n<link rel=\"canonical\" href=\"https:\/\/roza-sobieszek.pl\/sklep\/produkt\/roza-rabatowe-isarperle-kopia\/\" \/>\n<meta property=\"og:locale\" content=\"pl_PL\" \/>\n<meta property=\"og:type\" content=\"article\" \/>\n<meta property=\"og:title\" content=\"R\u00f3\u017ca Rabatowe Isarperle\u00ae - R\u00f3\u017ce ogrodowe - Sklep Sobieszek producent\" \/>\n<meta property=\"og:description\" content=\"Isarperle\u00ae wyr\u00f3\u017cnia si\u0119 zdrowym wzrostem oraz dekoracyjnymi, \u015bredniozielonymi i b\u0142yszcz\u0105cymi li\u015b\u0107mi, kt\u00f3re stanowi\u0105 doskona\u0142e t\u0142o dla kwiat\u00f3w. Odmiana ta doskonale sprawdza si\u0119 zar\u00f3wno na du\u017cych rabatach r\u00f3\u017canych, jak i w mniejszych ogrodach.\" \/>\n<meta property=\"og:url\" content=\"https:\/\/roza-sobieszek.pl\/sklep\/produkt\/roza-rabatowe-isarperle-kopia\/\" \/>\n<meta property=\"og:site_name\" content=\"R\u00f3\u017ce ogrodowe - Sklep Sobieszek producent\" \/>\n<meta property=\"article:publisher\" content=\"https:\/\/www.facebook.com\/profile.php?id=100063681485170\" \/>\n<meta property=\"article:modified_time\" content=\"2026-04-30T08:41:13+00:00\" \/>\n<meta property=\"og:image\" content=\"https:\/\/roza-sobieszek.pl\/sklep\/wp-content\/uploads\/2026\/02\/Isar_5_A5_06b.jpg\" \/>\n\t<meta property=\"og:image:width\" content=\"2048\" \/>\n\t<meta property=\"og:image:height\" content=\"1366\" \/>\n\t<meta property=\"og:image:type\" content=\"image\/jpeg\" \/>\n<meta name=\"twitter:card\" content=\"summary_large_image\" \/>\n<meta name=\"twitter:label1\" content=\"Szacowany czas czytania\" \/>\n\t<meta name=\"twitter:data1\" content=\"1 minuta\" \/>\n<script type=\"application\/ld+json\" class=\"yoast-schema-graph\">{\"@context\":\"https:\/\/schema.org\",\"@graph\":[{\"@type\":\"WebPage\",\"@id\":\"https:\/\/roza-sobieszek.pl\/sklep\/produkt\/roza-rabatowe-isarperle-kopia\/\",\"url\":\"https:\/\/roza-sobieszek.pl\/sklep\/produkt\/roza-rabatowe-isarperle-kopia\/\",\"name\":\"R\u00f3\u017ca Rabatowe Isarperle\u00ae - R\u00f3\u017ce ogrodowe - Sklep Sobieszek producent\",\"isPartOf\":{\"@id\":\"https:\/\/roza-sobieszek.pl\/sklep\/#website\"},\"primaryImageOfPage\":{\"@id\":\"https:\/\/roza-sobieszek.pl\/sklep\/produkt\/roza-rabatowe-isarperle-kopia\/#primaryimage\"},\"image\":{\"@id\":\"https:\/\/roza-sobieszek.pl\/sklep\/produkt\/roza-rabatowe-isarperle-kopia\/#primaryimage\"},\"thumbnailUrl\":\"https:\/\/roza-sobieszek.pl\/sklep\/wp-content\/uploads\/2026\/02\/Isar_5_A5_06b.jpg\",\"datePublished\":\"2026-02-10T14:39:45+00:00\",\"dateModified\":\"2026-04-30T08:41:13+00:00\",\"description\":\"Isarperle\u00ae wyr\u00f3\u017cnia si\u0119 zdrowym wzrostem oraz dekoracyjnymi, \u015bredniozielonymi i b\u0142yszcz\u0105cymi li\u015b\u0107mi, kt\u00f3re stanowi\u0105 doskona\u0142e t\u0142o dla kwiat\u00f3w. Odmiana ta doskonale sprawdza si\u0119 zar\u00f3wno na du\u017cych rabatach r\u00f3\u017canych, jak i w mniejszych ogrodach.\",\"breadcrumb\":{\"@id\":\"https:\/\/roza-sobieszek.pl\/sklep\/produkt\/roza-rabatowe-isarperle-kopia\/#breadcrumb\"},\"inLanguage\":\"pl-PL\",\"potentialAction\":[{\"@type\":\"ReadAction\",\"target\":[\"https:\/\/roza-sobieszek.pl\/sklep\/produkt\/roza-rabatowe-isarperle-kopia\/\"]}]},{\"@type\":\"ImageObject\",\"inLanguage\":\"pl-PL\",\"@id\":\"https:\/\/roza-sobieszek.pl\/sklep\/produkt\/roza-rabatowe-isarperle-kopia\/#primaryimage\",\"url\":\"https:\/\/roza-sobieszek.pl\/sklep\/wp-content\/uploads\/2026\/02\/Isar_5_A5_06b.jpg\",\"contentUrl\":\"https:\/\/roza-sobieszek.pl\/sklep\/wp-content\/uploads\/2026\/02\/Isar_5_A5_06b.jpg\",\"width\":2048,\"height\":1366},{\"@type\":\"BreadcrumbList\",\"@id\":\"https:\/\/roza-sobieszek.pl\/sklep\/produkt\/roza-rabatowe-isarperle-kopia\/#breadcrumb\",\"itemListElement\":[{\"@type\":\"ListItem\",\"position\":1,\"name\":\"Strona g\u0142\u00f3wna\",\"item\":\"https:\/\/roza-sobieszek.pl\/sklep\/\"},{\"@type\":\"ListItem\",\"position\":2,\"name\":\"Shop\",\"item\":\"https:\/\/roza-sobieszek.pl\/sklep\/shop\/\"},{\"@type\":\"ListItem\",\"position\":3,\"name\":\"R\u00f3\u017ca Rabatowe Isarperle\u00ae\"}]},{\"@type\":\"WebSite\",\"@id\":\"https:\/\/roza-sobieszek.pl\/sklep\/#website\",\"url\":\"https:\/\/roza-sobieszek.pl\/sklep\/\",\"name\":\"R\u00f3\u017ce ogrodowe - Sklep Sobieszek producent\",\"description\":\"\",\"publisher\":{\"@id\":\"https:\/\/roza-sobieszek.pl\/sklep\/#organization\"},\"potentialAction\":[{\"@type\":\"SearchAction\",\"target\":{\"@type\":\"EntryPoint\",\"urlTemplate\":\"https:\/\/roza-sobieszek.pl\/sklep\/?s={search_term_string}\"},\"query-input\":{\"@type\":\"PropertyValueSpecification\",\"valueRequired\":true,\"valueName\":\"search_term_string\"}}],\"inLanguage\":\"pl-PL\"},{\"@type\":\"Organization\",\"@id\":\"https:\/\/roza-sobieszek.pl\/sklep\/#organization\",\"name\":\"R\u00f3\u017ce ogrodowe - Sklep Sobieszek producent\",\"url\":\"https:\/\/roza-sobieszek.pl\/sklep\/\",\"logo\":{\"@type\":\"ImageObject\",\"inLanguage\":\"pl-PL\",\"@id\":\"https:\/\/roza-sobieszek.pl\/sklep\/#\/schema\/logo\/image\/\",\"url\":\"https:\/\/roza-sobieszek.pl\/sklep\/wp-content\/uploads\/2016\/08\/IMG_0358-1.jpg\",\"contentUrl\":\"https:\/\/roza-sobieszek.pl\/sklep\/wp-content\/uploads\/2016\/08\/IMG_0358-1.jpg\",\"width\":2048,\"height\":1365,\"caption\":\"R\u00f3\u017ce ogrodowe - Sklep Sobieszek producent\"},\"image\":{\"@id\":\"https:\/\/roza-sobieszek.pl\/sklep\/#\/schema\/logo\/image\/\"},\"sameAs\":[\"https:\/\/www.facebook.com\/profile.php?id=100063681485170\"]}]}<\/script>\n<!-- \/ Yoast SEO plugin. -->","yoast_head_json":{"title":"R\u00f3\u017ca Rabatowe Isarperle\u00ae - R\u00f3\u017ce ogrodowe - Sklep Sobieszek producent","description":"Isarperle\u00ae wyr\u00f3\u017cnia si\u0119 zdrowym wzrostem oraz dekoracyjnymi, \u015bredniozielonymi i b\u0142yszcz\u0105cymi li\u015b\u0107mi, kt\u00f3re stanowi\u0105 doskona\u0142e t\u0142o dla kwiat\u00f3w. Odmiana ta doskonale sprawdza si\u0119 zar\u00f3wno na du\u017cych rabatach r\u00f3\u017canych, jak i w mniejszych ogrodach.","robots":{"index":"index","follow":"follow","max-snippet":"max-snippet:-1","max-image-preview":"max-image-preview:large","max-video-preview":"max-video-preview:-1"},"canonical":"https:\/\/roza-sobieszek.pl\/sklep\/produkt\/roza-rabatowe-isarperle-kopia\/","og_locale":"pl_PL","og_type":"article","og_title":"R\u00f3\u017ca Rabatowe Isarperle\u00ae - R\u00f3\u017ce ogrodowe - Sklep Sobieszek producent","og_description":"Isarperle\u00ae wyr\u00f3\u017cnia si\u0119 zdrowym wzrostem oraz dekoracyjnymi, \u015bredniozielonymi i b\u0142yszcz\u0105cymi li\u015b\u0107mi, kt\u00f3re stanowi\u0105 doskona\u0142e t\u0142o dla kwiat\u00f3w. Odmiana ta doskonale sprawdza si\u0119 zar\u00f3wno na du\u017cych rabatach r\u00f3\u017canych, jak i w mniejszych ogrodach.","og_url":"https:\/\/roza-sobieszek.pl\/sklep\/produkt\/roza-rabatowe-isarperle-kopia\/","og_site_name":"R\u00f3\u017ce ogrodowe - Sklep Sobieszek producent","article_publisher":"https:\/\/www.facebook.com\/profile.php?id=100063681485170","article_modified_time":"2026-04-30T08:41:13+00:00","og_image":[{"width":2048,"height":1366,"url":"https:\/\/roza-sobieszek.pl\/sklep\/wp-content\/uploads\/2026\/02\/Isar_5_A5_06b.jpg","type":"image\/jpeg"}],"twitter_card":"summary_large_image","twitter_misc":{"Szacowany czas czytania":"1 minuta"},"schema":{"@context":"https:\/\/schema.org","@graph":[{"@type":"WebPage","@id":"https:\/\/roza-sobieszek.pl\/sklep\/produkt\/roza-rabatowe-isarperle-kopia\/","url":"https:\/\/roza-sobieszek.pl\/sklep\/produkt\/roza-rabatowe-isarperle-kopia\/","name":"R\u00f3\u017ca Rabatowe Isarperle\u00ae - R\u00f3\u017ce ogrodowe - Sklep Sobieszek producent","isPartOf":{"@id":"https:\/\/roza-sobieszek.pl\/sklep\/#website"},"primaryImageOfPage":{"@id":"https:\/\/roza-sobieszek.pl\/sklep\/produkt\/roza-rabatowe-isarperle-kopia\/#primaryimage"},"image":{"@id":"https:\/\/roza-sobieszek.pl\/sklep\/produkt\/roza-rabatowe-isarperle-kopia\/#primaryimage"},"thumbnailUrl":"https:\/\/roza-sobieszek.pl\/sklep\/wp-content\/uploads\/2026\/02\/Isar_5_A5_06b.jpg","datePublished":"2026-02-10T14:39:45+00:00","dateModified":"2026-04-30T08:41:13+00:00","description":"Isarperle\u00ae wyr\u00f3\u017cnia si\u0119 zdrowym wzrostem oraz dekoracyjnymi, \u015bredniozielonymi i b\u0142yszcz\u0105cymi li\u015b\u0107mi, kt\u00f3re stanowi\u0105 doskona\u0142e t\u0142o dla kwiat\u00f3w. Odmiana ta doskonale sprawdza si\u0119 zar\u00f3wno na du\u017cych rabatach r\u00f3\u017canych, jak i w mniejszych ogrodach.","breadcrumb":{"@id":"https:\/\/roza-sobieszek.pl\/sklep\/produkt\/roza-rabatowe-isarperle-kopia\/#breadcrumb"},"inLanguage":"pl-PL","potentialAction":[{"@type":"ReadAction","target":["https:\/\/roza-sobieszek.pl\/sklep\/produkt\/roza-rabatowe-isarperle-kopia\/"]}]},{"@type":"ImageObject","inLanguage":"pl-PL","@id":"https:\/\/roza-sobieszek.pl\/sklep\/produkt\/roza-rabatowe-isarperle-kopia\/#primaryimage","url":"https:\/\/roza-sobieszek.pl\/sklep\/wp-content\/uploads\/2026\/02\/Isar_5_A5_06b.jpg","contentUrl":"https:\/\/roza-sobieszek.pl\/sklep\/wp-content\/uploads\/2026\/02\/Isar_5_A5_06b.jpg","width":2048,"height":1366},{"@type":"BreadcrumbList","@id":"https:\/\/roza-sobieszek.pl\/sklep\/produkt\/roza-rabatowe-isarperle-kopia\/#breadcrumb","itemListElement":[{"@type":"ListItem","position":1,"name":"Strona g\u0142\u00f3wna","item":"https:\/\/roza-sobieszek.pl\/sklep\/"},{"@type":"ListItem","position":2,"name":"Shop","item":"https:\/\/roza-sobieszek.pl\/sklep\/shop\/"},{"@type":"ListItem","position":3,"name":"R\u00f3\u017ca Rabatowe Isarperle\u00ae"}]},{"@type":"WebSite","@id":"https:\/\/roza-sobieszek.pl\/sklep\/#website","url":"https:\/\/roza-sobieszek.pl\/sklep\/","name":"R\u00f3\u017ce ogrodowe - Sklep Sobieszek producent","description":"","publisher":{"@id":"https:\/\/roza-sobieszek.pl\/sklep\/#organization"},"potentialAction":[{"@type":"SearchAction","target":{"@type":"EntryPoint","urlTemplate":"https:\/\/roza-sobieszek.pl\/sklep\/?s={search_term_string}"},"query-input":{"@type":"PropertyValueSpecification","valueRequired":true,"valueName":"search_term_string"}}],"inLanguage":"pl-PL"},{"@type":"Organization","@id":"https:\/\/roza-sobieszek.pl\/sklep\/#organization","name":"R\u00f3\u017ce ogrodowe - Sklep Sobieszek producent","url":"https:\/\/roza-sobieszek.pl\/sklep\/","logo":{"@type":"ImageObject","inLanguage":"pl-PL","@id":"https:\/\/roza-sobieszek.pl\/sklep\/#\/schema\/logo\/image\/","url":"https:\/\/roza-sobieszek.pl\/sklep\/wp-content\/uploads\/2016\/08\/IMG_0358-1.jpg","contentUrl":"https:\/\/roza-sobieszek.pl\/sklep\/wp-content\/uploads\/2016\/08\/IMG_0358-1.jpg","width":2048,"height":1365,"caption":"R\u00f3\u017ce ogrodowe - Sklep Sobieszek producent"},"image":{"@id":"https:\/\/roza-sobieszek.pl\/sklep\/#\/schema\/logo\/image\/"},"sameAs":["https:\/\/www.facebook.com\/profile.php?id=100063681485170"]}]}},"_links":{"self":[{"href":"https:\/\/roza-sobieszek.pl\/sklep\/wp-json\/wp\/v2\/product\/23015"}],"collection":[{"href":"https:\/\/roza-sobieszek.pl\/sklep\/wp-json\/wp\/v2\/product"}],"about":[{"href":"https:\/\/roza-sobieszek.pl\/sklep\/wp-json\/wp\/v2\/types\/product"}],"replies":[{"embeddable":true,"href":"https:\/\/roza-sobieszek.pl\/sklep\/wp-json\/wp\/v2\/comments?post=23015"}],"wp:featuredmedia":[{"embeddable":true,"href":"https:\/\/roza-sobieszek.pl\/sklep\/wp-json\/wp\/v2\/media\/23019"}],"wp:attachment":[{"href":"https:\/\/roza-sobieszek.pl\/sklep\/wp-json\/wp\/v2\/media?parent=23015"}],"wp:term":[{"taxonomy":"product_brand","embeddable":true,"href":"https:\/\/roza-sobieszek.pl\/sklep\/wp-json\/wp\/v2\/product_brand?post=23015"},{"taxonomy":"product_cat","embeddable":true,"href":"https:\/\/roza-sobieszek.pl\/sklep\/wp-json\/wp\/v2\/product_cat?post=23015"},{"taxonomy":"product_tag","embeddable":true,"href":"https:\/\/roza-sobieszek.pl\/sklep\/wp-json\/wp\/v2\/product_tag?post=23015"}],"curies":[{"name":"wp","href":"https:\/\/api.w.org\/{rel}","templated":true}]}}