{"id":7833,"date":"2020-10-22T08:49:31","date_gmt":"2020-10-22T08:49:31","guid":{"rendered":"https:\/\/roza-sobieszek.pl\/sklep\/?post_type=product&#038;p=7833"},"modified":"2025-10-22T07:06:22","modified_gmt":"2025-10-22T07:06:22","slug":"roza-lampion","status":"publish","type":"product","link":"https:\/\/roza-sobieszek.pl\/sklep\/produkt\/roza-lampion\/","title":{"rendered":"R\u00f3\u017ca Rabatowa Lampion \u00ae"},"content":{"rendered":"<h1>R\u00f3\u017ca Lampion \u00ae<\/h1>\n<p>Odmiana, kt\u00f3ra mo\u017ce poszczyci\u0107 si\u0119 nie przeci\u0119tn\u0105 barw\u0105 kwiat\u00f3w, poniewa\u017c w wi\u0119kszo\u015bci \u017c\u00f3\u0142te kwiaty posiadaj\u0105 od spodu czerwone przeja\u015bnienia. Ich pi\u0119kno jest jeszcze bardziej widoczne dzi\u0119ki ciemnozielonym, b\u0142yszcz\u0105cym li\u015bciom, kt\u00f3re obficie pokrywaj\u0105 ca\u0142y krzew. Og\u00f3lnie odmiana ta odznacza si\u0119 bardzo dobr\u0105 zdrowotno\u015bci\u0105, odporno\u015bci\u0105 na niskie temperatury oraz bardzo obficie kwitnie.<\/p>\n<p><span style=\"border-radius: 2px; text-indent: 20px; width: auto; padding: 0px 4px 0px 0px; text-align: center; font: bold 11px\/20px 'Helvetica Neue',Helvetica,sans-serif; color: #ffffff; background: #bd081c no-repeat scroll 3px 50% \/ 14px 14px; position: absolute; opacity: 1; z-index: 8675309; display: none; cursor: pointer;\">Zapisz<\/span><\/p>\n","protected":false},"excerpt":{"rendered":"<p>R\u00f3\u017ca Lampion\u00ae<\/p>\n<ul>\n<li>Nazwa: Lampion \u00ae<\/li>\n<li>Kolor: \u017c\u00f3\u0142ty<\/li>\n<li>Wzrost: 70-100 cm<\/li>\n<li>Wielko\u015b\u0107 kwiatu: 6-8 cm<\/li>\n<li>Zapach: subtelny<\/li>\n<li>Odporno\u015b\u0107 na choroby: bardzo dobra<\/li>\n<li>Stanowisko: s\u0142oneczne<\/li>\n<li>Okres kwitnienia: VI \u2013 X<\/li>\n<li>Powtarza kwitnienie: tak<\/li>\n<li>Typ: r\u00f3\u017ca rabatowa<\/li>\n<li>Mrozoodporno\u015b\u0107: bardzo dobra<\/li>\n<\/ul>\n","protected":false},"featured_media":7837,"comment_status":"open","ping_status":"closed","template":"","meta":[],"product_brand":[278],"product_cat":[264,158,155],"product_tag":[232,207,236],"yoast_head":"<!-- This site is optimized with the Yoast SEO plugin v23.5 - https:\/\/yoast.com\/wordpress\/plugins\/seo\/ -->\n<title>R\u00f3\u017ca Rabatowa Lampion \u00ae - R\u00f3\u017ce ogrodowe - Sklep Sobieszek producent<\/title>\n<meta name=\"description\" content=\"R\u00f3\u017ca Rabatowa Lampion \u00ae kt\u00f3ra mo\u017ce poszczyci\u0107 si\u0119 nie przeci\u0119tn\u0105 barw\u0105 kwiat\u00f3w, poniewa\u017c w wi\u0119kszo\u015bci \u017c\u00f3\u0142te kwiaty posiadaj\u0105 od spodu czerwone przeja\u015bnienia\" \/>\n<meta name=\"robots\" content=\"index, follow, max-snippet:-1, max-image-preview:large, max-video-preview:-1\" \/>\n<link rel=\"canonical\" href=\"https:\/\/roza-sobieszek.pl\/sklep\/produkt\/roza-lampion\/\" \/>\n<meta property=\"og:locale\" content=\"pl_PL\" \/>\n<meta property=\"og:type\" content=\"article\" \/>\n<meta property=\"og:title\" content=\"R\u00f3\u017ca Rabatowa Lampion \u00ae - R\u00f3\u017ce ogrodowe - Sklep Sobieszek producent\" \/>\n<meta property=\"og:description\" content=\"R\u00f3\u017ca Rabatowa Lampion \u00ae kt\u00f3ra mo\u017ce poszczyci\u0107 si\u0119 nie przeci\u0119tn\u0105 barw\u0105 kwiat\u00f3w, poniewa\u017c w wi\u0119kszo\u015bci \u017c\u00f3\u0142te kwiaty posiadaj\u0105 od spodu czerwone przeja\u015bnienia\" \/>\n<meta property=\"og:url\" content=\"https:\/\/roza-sobieszek.pl\/sklep\/produkt\/roza-lampion\/\" \/>\n<meta property=\"og:site_name\" content=\"R\u00f3\u017ce ogrodowe - Sklep Sobieszek producent\" \/>\n<meta property=\"article:publisher\" content=\"https:\/\/www.facebook.com\/profile.php?id=100063681485170\" \/>\n<meta property=\"article:modified_time\" content=\"2025-10-22T07:06:22+00:00\" \/>\n<meta property=\"og:image\" content=\"https:\/\/roza-sobieszek.pl\/sklep\/wp-content\/uploads\/2020\/10\/Lampion1.jpg\" \/>\n\t<meta property=\"og:image:width\" content=\"800\" \/>\n\t<meta property=\"og:image:height\" content=\"797\" \/>\n\t<meta property=\"og:image:type\" content=\"image\/jpeg\" \/>\n<meta name=\"twitter:card\" content=\"summary_large_image\" \/>\n<meta name=\"twitter:label1\" content=\"Szacowany czas czytania\" \/>\n\t<meta name=\"twitter:data1\" content=\"1 minuta\" \/>\n<script type=\"application\/ld+json\" class=\"yoast-schema-graph\">{\"@context\":\"https:\/\/schema.org\",\"@graph\":[{\"@type\":\"WebPage\",\"@id\":\"https:\/\/roza-sobieszek.pl\/sklep\/produkt\/roza-lampion\/\",\"url\":\"https:\/\/roza-sobieszek.pl\/sklep\/produkt\/roza-lampion\/\",\"name\":\"R\u00f3\u017ca Rabatowa Lampion \u00ae - R\u00f3\u017ce ogrodowe - Sklep Sobieszek producent\",\"isPartOf\":{\"@id\":\"https:\/\/roza-sobieszek.pl\/sklep\/#website\"},\"primaryImageOfPage\":{\"@id\":\"https:\/\/roza-sobieszek.pl\/sklep\/produkt\/roza-lampion\/#primaryimage\"},\"image\":{\"@id\":\"https:\/\/roza-sobieszek.pl\/sklep\/produkt\/roza-lampion\/#primaryimage\"},\"thumbnailUrl\":\"https:\/\/roza-sobieszek.pl\/sklep\/wp-content\/uploads\/2020\/10\/Lampion1.jpg\",\"datePublished\":\"2020-10-22T08:49:31+00:00\",\"dateModified\":\"2025-10-22T07:06:22+00:00\",\"description\":\"R\u00f3\u017ca Rabatowa Lampion \u00ae kt\u00f3ra mo\u017ce poszczyci\u0107 si\u0119 nie przeci\u0119tn\u0105 barw\u0105 kwiat\u00f3w, poniewa\u017c w wi\u0119kszo\u015bci \u017c\u00f3\u0142te kwiaty posiadaj\u0105 od spodu czerwone przeja\u015bnienia\",\"breadcrumb\":{\"@id\":\"https:\/\/roza-sobieszek.pl\/sklep\/produkt\/roza-lampion\/#breadcrumb\"},\"inLanguage\":\"pl-PL\",\"potentialAction\":[{\"@type\":\"ReadAction\",\"target\":[\"https:\/\/roza-sobieszek.pl\/sklep\/produkt\/roza-lampion\/\"]}]},{\"@type\":\"ImageObject\",\"inLanguage\":\"pl-PL\",\"@id\":\"https:\/\/roza-sobieszek.pl\/sklep\/produkt\/roza-lampion\/#primaryimage\",\"url\":\"https:\/\/roza-sobieszek.pl\/sklep\/wp-content\/uploads\/2020\/10\/Lampion1.jpg\",\"contentUrl\":\"https:\/\/roza-sobieszek.pl\/sklep\/wp-content\/uploads\/2020\/10\/Lampion1.jpg\",\"width\":800,\"height\":797},{\"@type\":\"BreadcrumbList\",\"@id\":\"https:\/\/roza-sobieszek.pl\/sklep\/produkt\/roza-lampion\/#breadcrumb\",\"itemListElement\":[{\"@type\":\"ListItem\",\"position\":1,\"name\":\"Strona g\u0142\u00f3wna\",\"item\":\"https:\/\/roza-sobieszek.pl\/sklep\/\"},{\"@type\":\"ListItem\",\"position\":2,\"name\":\"Shop\",\"item\":\"https:\/\/roza-sobieszek.pl\/sklep\/shop\/\"},{\"@type\":\"ListItem\",\"position\":3,\"name\":\"R\u00f3\u017ca Rabatowa Lampion \u00ae\"}]},{\"@type\":\"WebSite\",\"@id\":\"https:\/\/roza-sobieszek.pl\/sklep\/#website\",\"url\":\"https:\/\/roza-sobieszek.pl\/sklep\/\",\"name\":\"R\u00f3\u017ce ogrodowe - Sklep Sobieszek producent\",\"description\":\"\",\"publisher\":{\"@id\":\"https:\/\/roza-sobieszek.pl\/sklep\/#organization\"},\"potentialAction\":[{\"@type\":\"SearchAction\",\"target\":{\"@type\":\"EntryPoint\",\"urlTemplate\":\"https:\/\/roza-sobieszek.pl\/sklep\/?s={search_term_string}\"},\"query-input\":{\"@type\":\"PropertyValueSpecification\",\"valueRequired\":true,\"valueName\":\"search_term_string\"}}],\"inLanguage\":\"pl-PL\"},{\"@type\":\"Organization\",\"@id\":\"https:\/\/roza-sobieszek.pl\/sklep\/#organization\",\"name\":\"R\u00f3\u017ce ogrodowe - Sklep Sobieszek producent\",\"url\":\"https:\/\/roza-sobieszek.pl\/sklep\/\",\"logo\":{\"@type\":\"ImageObject\",\"inLanguage\":\"pl-PL\",\"@id\":\"https:\/\/roza-sobieszek.pl\/sklep\/#\/schema\/logo\/image\/\",\"url\":\"https:\/\/roza-sobieszek.pl\/sklep\/wp-content\/uploads\/2016\/08\/IMG_0358-1.jpg\",\"contentUrl\":\"https:\/\/roza-sobieszek.pl\/sklep\/wp-content\/uploads\/2016\/08\/IMG_0358-1.jpg\",\"width\":2048,\"height\":1365,\"caption\":\"R\u00f3\u017ce ogrodowe - Sklep Sobieszek producent\"},\"image\":{\"@id\":\"https:\/\/roza-sobieszek.pl\/sklep\/#\/schema\/logo\/image\/\"},\"sameAs\":[\"https:\/\/www.facebook.com\/profile.php?id=100063681485170\"]}]}<\/script>\n<!-- \/ Yoast SEO plugin. -->","yoast_head_json":{"title":"R\u00f3\u017ca Rabatowa Lampion \u00ae - R\u00f3\u017ce ogrodowe - Sklep Sobieszek producent","description":"R\u00f3\u017ca Rabatowa Lampion \u00ae kt\u00f3ra mo\u017ce poszczyci\u0107 si\u0119 nie przeci\u0119tn\u0105 barw\u0105 kwiat\u00f3w, poniewa\u017c w wi\u0119kszo\u015bci \u017c\u00f3\u0142te kwiaty posiadaj\u0105 od spodu czerwone przeja\u015bnienia","robots":{"index":"index","follow":"follow","max-snippet":"max-snippet:-1","max-image-preview":"max-image-preview:large","max-video-preview":"max-video-preview:-1"},"canonical":"https:\/\/roza-sobieszek.pl\/sklep\/produkt\/roza-lampion\/","og_locale":"pl_PL","og_type":"article","og_title":"R\u00f3\u017ca Rabatowa Lampion \u00ae - R\u00f3\u017ce ogrodowe - Sklep Sobieszek producent","og_description":"R\u00f3\u017ca Rabatowa Lampion \u00ae kt\u00f3ra mo\u017ce poszczyci\u0107 si\u0119 nie przeci\u0119tn\u0105 barw\u0105 kwiat\u00f3w, poniewa\u017c w wi\u0119kszo\u015bci \u017c\u00f3\u0142te kwiaty posiadaj\u0105 od spodu czerwone przeja\u015bnienia","og_url":"https:\/\/roza-sobieszek.pl\/sklep\/produkt\/roza-lampion\/","og_site_name":"R\u00f3\u017ce ogrodowe - Sklep Sobieszek producent","article_publisher":"https:\/\/www.facebook.com\/profile.php?id=100063681485170","article_modified_time":"2025-10-22T07:06:22+00:00","og_image":[{"width":800,"height":797,"url":"https:\/\/roza-sobieszek.pl\/sklep\/wp-content\/uploads\/2020\/10\/Lampion1.jpg","type":"image\/jpeg"}],"twitter_card":"summary_large_image","twitter_misc":{"Szacowany czas czytania":"1 minuta"},"schema":{"@context":"https:\/\/schema.org","@graph":[{"@type":"WebPage","@id":"https:\/\/roza-sobieszek.pl\/sklep\/produkt\/roza-lampion\/","url":"https:\/\/roza-sobieszek.pl\/sklep\/produkt\/roza-lampion\/","name":"R\u00f3\u017ca Rabatowa Lampion \u00ae - R\u00f3\u017ce ogrodowe - Sklep Sobieszek producent","isPartOf":{"@id":"https:\/\/roza-sobieszek.pl\/sklep\/#website"},"primaryImageOfPage":{"@id":"https:\/\/roza-sobieszek.pl\/sklep\/produkt\/roza-lampion\/#primaryimage"},"image":{"@id":"https:\/\/roza-sobieszek.pl\/sklep\/produkt\/roza-lampion\/#primaryimage"},"thumbnailUrl":"https:\/\/roza-sobieszek.pl\/sklep\/wp-content\/uploads\/2020\/10\/Lampion1.jpg","datePublished":"2020-10-22T08:49:31+00:00","dateModified":"2025-10-22T07:06:22+00:00","description":"R\u00f3\u017ca Rabatowa Lampion \u00ae kt\u00f3ra mo\u017ce poszczyci\u0107 si\u0119 nie przeci\u0119tn\u0105 barw\u0105 kwiat\u00f3w, poniewa\u017c w wi\u0119kszo\u015bci \u017c\u00f3\u0142te kwiaty posiadaj\u0105 od spodu czerwone przeja\u015bnienia","breadcrumb":{"@id":"https:\/\/roza-sobieszek.pl\/sklep\/produkt\/roza-lampion\/#breadcrumb"},"inLanguage":"pl-PL","potentialAction":[{"@type":"ReadAction","target":["https:\/\/roza-sobieszek.pl\/sklep\/produkt\/roza-lampion\/"]}]},{"@type":"ImageObject","inLanguage":"pl-PL","@id":"https:\/\/roza-sobieszek.pl\/sklep\/produkt\/roza-lampion\/#primaryimage","url":"https:\/\/roza-sobieszek.pl\/sklep\/wp-content\/uploads\/2020\/10\/Lampion1.jpg","contentUrl":"https:\/\/roza-sobieszek.pl\/sklep\/wp-content\/uploads\/2020\/10\/Lampion1.jpg","width":800,"height":797},{"@type":"BreadcrumbList","@id":"https:\/\/roza-sobieszek.pl\/sklep\/produkt\/roza-lampion\/#breadcrumb","itemListElement":[{"@type":"ListItem","position":1,"name":"Strona g\u0142\u00f3wna","item":"https:\/\/roza-sobieszek.pl\/sklep\/"},{"@type":"ListItem","position":2,"name":"Shop","item":"https:\/\/roza-sobieszek.pl\/sklep\/shop\/"},{"@type":"ListItem","position":3,"name":"R\u00f3\u017ca Rabatowa Lampion \u00ae"}]},{"@type":"WebSite","@id":"https:\/\/roza-sobieszek.pl\/sklep\/#website","url":"https:\/\/roza-sobieszek.pl\/sklep\/","name":"R\u00f3\u017ce ogrodowe - Sklep Sobieszek producent","description":"","publisher":{"@id":"https:\/\/roza-sobieszek.pl\/sklep\/#organization"},"potentialAction":[{"@type":"SearchAction","target":{"@type":"EntryPoint","urlTemplate":"https:\/\/roza-sobieszek.pl\/sklep\/?s={search_term_string}"},"query-input":{"@type":"PropertyValueSpecification","valueRequired":true,"valueName":"search_term_string"}}],"inLanguage":"pl-PL"},{"@type":"Organization","@id":"https:\/\/roza-sobieszek.pl\/sklep\/#organization","name":"R\u00f3\u017ce ogrodowe - Sklep Sobieszek producent","url":"https:\/\/roza-sobieszek.pl\/sklep\/","logo":{"@type":"ImageObject","inLanguage":"pl-PL","@id":"https:\/\/roza-sobieszek.pl\/sklep\/#\/schema\/logo\/image\/","url":"https:\/\/roza-sobieszek.pl\/sklep\/wp-content\/uploads\/2016\/08\/IMG_0358-1.jpg","contentUrl":"https:\/\/roza-sobieszek.pl\/sklep\/wp-content\/uploads\/2016\/08\/IMG_0358-1.jpg","width":2048,"height":1365,"caption":"R\u00f3\u017ce ogrodowe - Sklep Sobieszek producent"},"image":{"@id":"https:\/\/roza-sobieszek.pl\/sklep\/#\/schema\/logo\/image\/"},"sameAs":["https:\/\/www.facebook.com\/profile.php?id=100063681485170"]}]}},"_links":{"self":[{"href":"https:\/\/roza-sobieszek.pl\/sklep\/wp-json\/wp\/v2\/product\/7833"}],"collection":[{"href":"https:\/\/roza-sobieszek.pl\/sklep\/wp-json\/wp\/v2\/product"}],"about":[{"href":"https:\/\/roza-sobieszek.pl\/sklep\/wp-json\/wp\/v2\/types\/product"}],"replies":[{"embeddable":true,"href":"https:\/\/roza-sobieszek.pl\/sklep\/wp-json\/wp\/v2\/comments?post=7833"}],"wp:featuredmedia":[{"embeddable":true,"href":"https:\/\/roza-sobieszek.pl\/sklep\/wp-json\/wp\/v2\/media\/7837"}],"wp:attachment":[{"href":"https:\/\/roza-sobieszek.pl\/sklep\/wp-json\/wp\/v2\/media?parent=7833"}],"wp:term":[{"taxonomy":"product_brand","embeddable":true,"href":"https:\/\/roza-sobieszek.pl\/sklep\/wp-json\/wp\/v2\/product_brand?post=7833"},{"taxonomy":"product_cat","embeddable":true,"href":"https:\/\/roza-sobieszek.pl\/sklep\/wp-json\/wp\/v2\/product_cat?post=7833"},{"taxonomy":"product_tag","embeddable":true,"href":"https:\/\/roza-sobieszek.pl\/sklep\/wp-json\/wp\/v2\/product_tag?post=7833"}],"curies":[{"name":"wp","href":"https:\/\/api.w.org\/{rel}","templated":true}]}}